{"id":22,"date":"2022-05-16T14:03:17","date_gmt":"2022-05-16T12:03:17","guid":{"rendered":"https:\/\/catedraendesa.unizar.es\/catedraweb\/?page_id=22"},"modified":"2026-04-17T10:42:25","modified_gmt":"2026-04-17T08:42:25","slug":"catredra-endera","status":"publish","type":"page","link":"https:\/\/catedraendesa.unizar.es\/catedraweb\/","title":{"rendered":"NOVEDADES"},"content":{"rendered":"\n<p class=\"has-vivid-green-cyan-background-color has-background\">21.04.2026. <a href=\"https:\/\/expotalent.unizar.es\/\">Endesa, con el apoyo de la C\u00e1tedra, participa en la Feria Expotalent`26, podr\u00e1s encontrarnos en el edificio Betancourt del campus rio ebro, en el <strong>stand es el 62<\/strong>, situado junto a la entrada de la cafeter\u00eda<\/a><\/p>\n\n\n\n<p>16.12.2025 <a href=\"https:\/\/catedraendesa.unizar.es\/catedraweb\/wp-content\/uploads\/2025\/12\/Invitacion-Diploma-de-Honor-Mariano-Sanz.pdf\">Diploma de Honor 2025 del Colegio Oficial de Ingenieros Industriales de Arag\u00f3n y la Rioja al profesor D.Mariano Sanz Bad\u00eda, Colaborador de la C\u00e1tedra<\/a><\/p>\n\n\n\n<p>20.10.25 <a href=\"https:\/\/catedraendesa.unizar.es\/catedraweb\/becas\/\">Nueva convocatoria de becas<\/a><\/p>\n\n\n\n<p>13.06.25 <a href=\"https:\/\/catedraendesa.unizar.es\/catedraweb\/premios\/\" data-type=\"page\" data-id=\"641\">Premios al mejor TFG y TFM del curso 2023-2024 otorgados por la C\u00e1tedra de Innovaci\u00f3n y Sostenibilidad Energ\u00e9tica Endesa Red<\/a><\/p>\n\n\n\n<p>29.05.2025 <a href=\"https:\/\/catedraendesa.unizar.es\/catedraweb\/wp-content\/uploads\/2025\/06\/2025_05_28_Comunicado-de-la-reunion-de-la-Comision-Mixta-de-la-Catedra.pdf\">Reuni\u00f3n de la Comisi\u00f3n Mixta de la C\u00e1tedra<\/a><\/p>\n\n\n\n<p>08.04.2025 <a href=\"https:\/\/www.fundacionibercaja.es\/actividades\/conferencias-y-mesas-redondas\/de-creadores-a-creados-nos-superara-la-inteligencia-artificial-zaragoza\/\">El Director de la C\u00e1tedra participa en la mesa redonda: De creadores a creados: \u00bfNos superar\u00e1 la inteligencia artificial?<\/a>. Organizada por el Colegio Juan de Lanuza<\/p>\n\n\n\n<p style=\"font-size:18px\">04.04.2025<a href=\"https:\/\/catedraendesa.unizar.es\/catedraweb\/actividades-docentes-y-de-divulgacion\/\" data-type=\"page\" data-id=\"487\"> Endesa participa en la feria de empleo Expotalent\u00b425, organizada por la Universidad de Zaragoza<\/a><\/p>\n\n\n\n<p>18.03.2025 <a href=\"https:\/\/catedraendesa.unizar.es\/catedraweb\/wp-content\/uploads\/2025\/03\/2025_03_12_Cartel-y-Resena-Conferencia-Mariano-Sanz-1.pdf\">Conferencia del Profesor Em\u00e9rito colaborador de la C\u00e1tedra Don Mariano Sanz Bad\u00eda<\/a><\/p>\n\n\n\n<p>12.03.2025 Abierta la <a href=\"https:\/\/catedraendesa.unizar.es\/catedraweb\/wp-content\/uploads\/2025\/03\/2025_Catedra-Endesa_Convocatoria_premio_TFG_TFM.pdf\">Convocatoria anual de los Premios de la C\u00e1tedra Endesa a los mejores TFG y TFM del curso 2023-2024<\/a><\/p>\n\n\n\n<p>14.11.2024 <a href=\"https:\/\/catedraendesa.unizar.es\/catedraweb\/actividades-docentes-y-de-divulgacion#visita-profesores-brasil\" data-type=\"internal\" data-id=\"#visita-profesores-brasil\">Visita de profesores del Instituto Federal de Goi\u00e1s de Brasil<\/a><\/p>\n\n\n\n<p>03.07.24 <a href=\"https:\/\/hoyaragon.es\/especial-catedras\/catedra-endesa-talento-joven-resolver-nuevos-reto\">La C\u00e1tedra Endesa busca dar respuesta a los retos de un nuevo entorno de distribuci\u00f3n el\u00e9ctrica<\/a><\/p>\n\n\n\n<div class=\"wp-block-group\"><div class=\"wp-block-group__inner-container is-layout-constrained wp-block-group-is-layout-constrained\">\n<p>06.06.24 Nueva convocatoria de becas<\/p>\n\n\n\n<p>24.06.24 <a href=\"https:\/\/catedraendesa.unizar.es\/catedraweb\/premios\/#convocatoria-2023-2024\" data-type=\"page\" data-id=\"641\">Premios al mejor TFG y TFM otorgados por la C\u00e1tedra de Innovaci\u00f3n y Sostenibilidad Energ\u00e9tica Endesa Red<\/a><\/p>\n\n\n\n<p>17.04.24 <a href=\"https:\/\/catedraendesa.unizar.es\/catedraweb\/actividades-docentes-y-de-divulgacion\/#expotalent24\" data-type=\"page\" data-id=\"487\">Endesa participa en la Feria de Empleo expoTALENT\u201924!<\/a><\/p>\n\n\n\n<p>20.03.24 JORNADA: C\u00f3mo integra Endesa la Sostenibilidad y los Objetivos de Desarrollo Sostenible en su negocio para la descarbonizaci\u00f3n. <a href=\"https:\/\/catedraendesa.unizar.es\/catedraweb\/actividades-docentes-y-de-divulgacion\/\">M\u00e1s informaci\u00f3n<\/a>. <a href=\"https:\/\/youtu.be\/hVzfO12quIU\">V\u00eddeo de la jornada<\/a>.<\/p>\n\n\n\n<h2 class=\"wp-block-heading\">Acerca de la c\u00e1tedra<\/h2>\n<\/div><\/div>\n\n\n\n<p>La relaci\u00f3n de la Universidad de Zaragoza con El\u00e9ctricas Reunidas de Zaragoza S.A y despu\u00e9s Endesa se inici\u00f3 hace m\u00e1s de treinta a\u00f1os. Los profesores del Departamento de Ingenier\u00eda El\u00e9ctrica y el Instituto Universitario de Investigaci\u00f3n Mixto CIRCE han colaborado en el desarrollo de investigaciones en el control de subestaciones y su automatizaci\u00f3n, la integraci\u00f3n de las Energ\u00edas Renovables en la red de distribuci\u00f3n, la Smartgrid o en el desarrollo del veh\u00edculo el\u00e9ctrico y su conexi\u00f3n a la red de distribuci\u00f3n entre otros temas.<\/p>\n\n\n\n<p>Fruto de este trabajo, en 2020 se firm\u00f3 la C\u00e1tedra de Innovaci\u00f3n Energ\u00e9tica Endesa Red que ha sido renovada en 2023, por tres a\u00f1os m\u00e1s, bajo el nombre de <strong>C\u00e1tedra de Innovaci\u00f3n y Sostenibilidad Energ\u00e9tica<\/strong>, para establecer un marco concreto de colaboraci\u00f3n cient\u00edfico-t\u00e9cnica y promocionar el talento juvenil, fortaleciendo v\u00edas de relaci\u00f3n entre el mundo acad\u00e9mico y profesional.<\/p>\n\n\n<div class=\"wp-block-image\">\n<figure class=\"aligncenter size-full is-resized\"><img loading=\"lazy\" decoding=\"async\" width=\"1562\" height=\"1041\" src=\"https:\/\/catedraendesa.unizar.es\/catedraweb\/wp-content\/uploads\/2023\/06\/bienvenidos-1.jpg\" alt=\"\" class=\"wp-image-718\" style=\"width:538px;height:auto\" srcset=\"https:\/\/catedraendesa.unizar.es\/catedraweb\/wp-content\/uploads\/2023\/06\/bienvenidos-1.jpg 1562w, https:\/\/catedraendesa.unizar.es\/catedraweb\/wp-content\/uploads\/2023\/06\/bienvenidos-1-300x200.jpg 300w, https:\/\/catedraendesa.unizar.es\/catedraweb\/wp-content\/uploads\/2023\/06\/bienvenidos-1-1024x682.jpg 1024w, https:\/\/catedraendesa.unizar.es\/catedraweb\/wp-content\/uploads\/2023\/06\/bienvenidos-1-768x512.jpg 768w, https:\/\/catedraendesa.unizar.es\/catedraweb\/wp-content\/uploads\/2023\/06\/bienvenidos-1-1536x1024.jpg 1536w, https:\/\/catedraendesa.unizar.es\/catedraweb\/wp-content\/uploads\/2023\/06\/bienvenidos-1-272x182.jpg 272w\" sizes=\"auto, (max-width: 1562px) 100vw, 1562px\" \/><\/figure><\/div>\n\n\n<p>La C\u00e1tedra tiene un \u00e1mbito de actuaci\u00f3n transversal entre las unidades de la Universidad de Zaragoza que inciden en los temas que \u00e9sta tiene como objeto, como el desarrollo de la cooperaci\u00f3n para favorecer la creaci\u00f3n de nuevo conocimiento; el impulso a la investigaci\u00f3n avanzada en proyectos de innovaci\u00f3n y sostenibilidad en redes de distribuci\u00f3n y la integraci\u00f3n del mundo acad\u00e9mico y empresarial mediante la formaci\u00f3n pr\u00e1ctica de los estudiantes universitarios.<\/p>\n\n\n\n<p>La C\u00e1tedra se centra en la especificidad del territorio Aragon\u00e9s, con un elevado porcentaje de redes de distribuci\u00f3n rurales, para garantizar la seguridad y calidad de suministro, a la vez que promueve el incremento de la generaci\u00f3n renovable, la electrificaci\u00f3n del consumo y el despliegue de los veh\u00edculos el\u00e9ctricos de acuerdo con los objetivos de descarbonizaci\u00f3n de la sociedad. Igualmente, se desarrollan proyectos orientados a evaluar el impacto medioambiental de las redes en el territorio.<\/p>\n\n\n\n<p>En este aspecto promueve l\u00edneas de investigaci\u00f3n, mediante becas a j\u00f3venes investigadores para que puedan desarrollar sus Trabajos Fin de Grado, Trabajos Fin de M\u00e1ster y Tesis Doctorales, en las tem\u00e1ticas de la C\u00e1tedra, as\u00ed como con la colaboraci\u00f3n con otros proyectos de investigaci\u00f3n similares. Tambi\u00e9n se premian anualmente a los mejores Trabajos presentados por los alumnos al finalizar sus etapas de Grado o M\u00e1ster.<\/p>\n\n\n\n<p><\/p>\n\n\n\n<p><\/p>\n\n\n\n<div class=\"wp-block-group\"><div class=\"wp-block-group__inner-container is-layout-constrained wp-block-group-is-layout-constrained\"><\/div><\/div>\n","protected":false},"excerpt":{"rendered":"<p>21.04.2026. Endesa, con el apoyo de la C\u00e1tedra, participa en la Feria Expotalent`26, podr\u00e1s encontrarnos en el edificio Betancourt del campus rio ebro, en el stand es el 62, situado junto a la entrada de la cafeter\u00eda 16.12.2025 Diploma de Honor 2025 del Colegio Oficial de Ingenieros Industriales de Arag\u00f3n y la Rioja al profesor [&hellip;]<\/p>\n","protected":false},"author":1,"featured_media":0,"parent":0,"menu_order":0,"comment_status":"closed","ping_status":"closed","template":"","meta":{"footnotes":""},"class_list":["post-22","page","type-page","status-publish","hentry","post"],"_links":{"self":[{"href":"https:\/\/catedraendesa.unizar.es\/catedraweb\/wp-json\/wp\/v2\/pages\/22","targetHints":{"allow":["GET"]}}],"collection":[{"href":"https:\/\/catedraendesa.unizar.es\/catedraweb\/wp-json\/wp\/v2\/pages"}],"about":[{"href":"https:\/\/catedraendesa.unizar.es\/catedraweb\/wp-json\/wp\/v2\/types\/page"}],"author":[{"embeddable":true,"href":"https:\/\/catedraendesa.unizar.es\/catedraweb\/wp-json\/wp\/v2\/users\/1"}],"replies":[{"embeddable":true,"href":"https:\/\/catedraendesa.unizar.es\/catedraweb\/wp-json\/wp\/v2\/comments?post=22"}],"version-history":[{"count":87,"href":"https:\/\/catedraendesa.unizar.es\/catedraweb\/wp-json\/wp\/v2\/pages\/22\/revisions"}],"predecessor-version":[{"id":1070,"href":"https:\/\/catedraendesa.unizar.es\/catedraweb\/wp-json\/wp\/v2\/pages\/22\/revisions\/1070"}],"wp:attachment":[{"href":"https:\/\/catedraendesa.unizar.es\/catedraweb\/wp-json\/wp\/v2\/media?parent=22"}],"curies":[{"name":"wp","href":"https:\/\/api.w.org\/{rel}","templated":true}]}}