{"id":487,"date":"2022-09-27T11:05:09","date_gmt":"2022-09-27T09:05:09","guid":{"rendered":"https:\/\/catedraendesa.unizar.es\/catedraweb\/?page_id=487"},"modified":"2025-04-04T09:43:30","modified_gmt":"2025-04-04T07:43:30","slug":"actividades-docentes-y-de-divulgacion","status":"publish","type":"page","link":"https:\/\/catedraendesa.unizar.es\/catedraweb\/actividades-docentes-y-de-divulgacion\/","title":{"rendered":"Actividades docentes y de divulgaci\u00f3n"},"content":{"rendered":"\n<p>Endesa participa activamente en las actividades docentes de la Universidad, mediante la impartici\u00f3n de seminarios y jornadas.<\/p>\n\n\n\n<h3 class=\"wp-block-heading\">CURSO 2024\/2025<\/h3>\n\n\n\n<p><strong>3 de Abril: <a href=\"https:\/\/catedraendesa.unizar.es\/catedraweb\/wp-content\/uploads\/2025\/04\/NP.-Endesa-impulsa-el-talento-joven-en-la-Feria-de-Empleo-de-la-Universidad-de-Zaragoza-ExpoTalent-2025.pdf\">Endesa participa en la feria de empleo Expotalent\u00b425<\/a><\/strong> (Nota de prensa)<\/p>\n\n\n\n<p>Endesa ha participado un a\u00f1o m\u00e1s en la Feria de Orientaci\u00f3n y Empleo de la Universidad de Zaragoza, ExpoTalent 2025, reafirmando as\u00ed su compromiso con la captaci\u00f3n de talento joven y con la empleabilidad de los universitarios. La acci\u00f3n se ha llevado a cabo en el marco de la C\u00e1tedra de Innovaci\u00f3n Energ\u00e9tica de e-distribuci\u00f3n, la filial de redes de Endesa.<\/p>\n\n\n\n<div class=\"wp-block-group is-nowrap is-layout-flex wp-container-core-group-is-layout-1 wp-block-group-is-layout-flex\">\n<figure data-wp-context=\"{&quot;imageId&quot;:&quot;69f2f6b99bc56&quot;}\" data-wp-interactive=\"core\/image\" class=\"wp-block-image size-large is-resized wp-lightbox-container\"><img loading=\"lazy\" decoding=\"async\" width=\"1024\" height=\"728\" data-wp-class--hide=\"state.isContentHidden\" data-wp-class--show=\"state.isContentVisible\" data-wp-init=\"callbacks.setButtonStyles\" data-wp-on-async--click=\"actions.showLightbox\" data-wp-on-async--load=\"callbacks.setButtonStyles\" data-wp-on-async-window--resize=\"callbacks.setButtonStyles\" src=\"https:\/\/catedraendesa.unizar.es\/catedraweb\/wp-content\/uploads\/2025\/04\/Image-52-1-1024x728.jpg\" alt=\"\" class=\"wp-image-951\" style=\"width:354px;height:auto\" srcset=\"https:\/\/catedraendesa.unizar.es\/catedraweb\/wp-content\/uploads\/2025\/04\/Image-52-1-1024x728.jpg 1024w, https:\/\/catedraendesa.unizar.es\/catedraweb\/wp-content\/uploads\/2025\/04\/Image-52-1-300x213.jpg 300w, https:\/\/catedraendesa.unizar.es\/catedraweb\/wp-content\/uploads\/2025\/04\/Image-52-1-768x546.jpg 768w, https:\/\/catedraendesa.unizar.es\/catedraweb\/wp-content\/uploads\/2025\/04\/Image-52-1-1536x1093.jpg 1536w, https:\/\/catedraendesa.unizar.es\/catedraweb\/wp-content\/uploads\/2025\/04\/Image-52-1-2048x1457.jpg 2048w\" sizes=\"auto, (max-width: 1024px) 100vw, 1024px\" \/><button\n\t\t\tclass=\"lightbox-trigger\"\n\t\t\ttype=\"button\"\n\t\t\taria-haspopup=\"dialog\"\n\t\t\taria-label=\"Ampliar la imagen\"\n\t\t\tdata-wp-init=\"callbacks.initTriggerButton\"\n\t\t\tdata-wp-on-async--click=\"actions.showLightbox\"\n\t\t\tdata-wp-style--right=\"state.imageButtonRight\"\n\t\t\tdata-wp-style--top=\"state.imageButtonTop\"\n\t\t>\n\t\t\t<svg xmlns=\"http:\/\/www.w3.org\/2000\/svg\" width=\"12\" height=\"12\" fill=\"none\" viewBox=\"0 0 12 12\">\n\t\t\t\t<path fill=\"#fff\" d=\"M2 0a2 2 0 0 0-2 2v2h1.5V2a.5.5 0 0 1 .5-.5h2V0H2Zm2 10.5H2a.5.5 0 0 1-.5-.5V8H0v2a2 2 0 0 0 2 2h2v-1.5ZM8 12v-1.5h2a.5.5 0 0 0 .5-.5V8H12v2a2 2 0 0 1-2 2H8Zm2-12a2 2 0 0 1 2 2v2h-1.5V2a.5.5 0 0 0-.5-.5H8V0h2Z\" \/>\n\t\t\t<\/svg>\n\t\t<\/button><\/figure>\n\n\n\n<figure data-wp-context=\"{&quot;imageId&quot;:&quot;69f2f6b99cadc&quot;}\" data-wp-interactive=\"core\/image\" class=\"wp-block-image size-large is-resized wp-lightbox-container\"><img loading=\"lazy\" decoding=\"async\" width=\"1024\" height=\"768\" data-wp-class--hide=\"state.isContentHidden\" data-wp-class--show=\"state.isContentVisible\" data-wp-init=\"callbacks.setButtonStyles\" data-wp-on-async--click=\"actions.showLightbox\" data-wp-on-async--load=\"callbacks.setButtonStyles\" data-wp-on-async-window--resize=\"callbacks.setButtonStyles\" src=\"https:\/\/catedraendesa.unizar.es\/catedraweb\/wp-content\/uploads\/2025\/04\/Image-53-1024x768.jpg\" alt=\"\" class=\"wp-image-952\" style=\"width:333px;height:auto\" srcset=\"https:\/\/catedraendesa.unizar.es\/catedraweb\/wp-content\/uploads\/2025\/04\/Image-53-1024x768.jpg 1024w, https:\/\/catedraendesa.unizar.es\/catedraweb\/wp-content\/uploads\/2025\/04\/Image-53-300x225.jpg 300w, https:\/\/catedraendesa.unizar.es\/catedraweb\/wp-content\/uploads\/2025\/04\/Image-53-768x576.jpg 768w, https:\/\/catedraendesa.unizar.es\/catedraweb\/wp-content\/uploads\/2025\/04\/Image-53-1536x1152.jpg 1536w, https:\/\/catedraendesa.unizar.es\/catedraweb\/wp-content\/uploads\/2025\/04\/Image-53-2048x1536.jpg 2048w\" sizes=\"auto, (max-width: 1024px) 100vw, 1024px\" \/><button\n\t\t\tclass=\"lightbox-trigger\"\n\t\t\ttype=\"button\"\n\t\t\taria-haspopup=\"dialog\"\n\t\t\taria-label=\"Ampliar la imagen\"\n\t\t\tdata-wp-init=\"callbacks.initTriggerButton\"\n\t\t\tdata-wp-on-async--click=\"actions.showLightbox\"\n\t\t\tdata-wp-style--right=\"state.imageButtonRight\"\n\t\t\tdata-wp-style--top=\"state.imageButtonTop\"\n\t\t>\n\t\t\t<svg xmlns=\"http:\/\/www.w3.org\/2000\/svg\" width=\"12\" height=\"12\" fill=\"none\" viewBox=\"0 0 12 12\">\n\t\t\t\t<path fill=\"#fff\" d=\"M2 0a2 2 0 0 0-2 2v2h1.5V2a.5.5 0 0 1 .5-.5h2V0H2Zm2 10.5H2a.5.5 0 0 1-.5-.5V8H0v2a2 2 0 0 0 2 2h2v-1.5ZM8 12v-1.5h2a.5.5 0 0 0 .5-.5V8H12v2a2 2 0 0 1-2 2H8Zm2-12a2 2 0 0 1 2 2v2h-1.5V2a.5.5 0 0 0-.5-.5H8V0h2Z\" \/>\n\t\t\t<\/svg>\n\t\t<\/button><\/figure>\n\n\n\n<figure data-wp-context=\"{&quot;imageId&quot;:&quot;69f2f6b99d023&quot;}\" data-wp-interactive=\"core\/image\" class=\"wp-block-image size-large is-resized wp-lightbox-container\"><img loading=\"lazy\" decoding=\"async\" width=\"1024\" height=\"768\" data-wp-class--hide=\"state.isContentHidden\" data-wp-class--show=\"state.isContentVisible\" data-wp-init=\"callbacks.setButtonStyles\" data-wp-on-async--click=\"actions.showLightbox\" data-wp-on-async--load=\"callbacks.setButtonStyles\" data-wp-on-async-window--resize=\"callbacks.setButtonStyles\" src=\"https:\/\/catedraendesa.unizar.es\/catedraweb\/wp-content\/uploads\/2025\/04\/Image-55-1024x768.jpg\" alt=\"\" class=\"wp-image-953\" style=\"width:332px;height:auto\" srcset=\"https:\/\/catedraendesa.unizar.es\/catedraweb\/wp-content\/uploads\/2025\/04\/Image-55-1024x768.jpg 1024w, https:\/\/catedraendesa.unizar.es\/catedraweb\/wp-content\/uploads\/2025\/04\/Image-55-300x225.jpg 300w, https:\/\/catedraendesa.unizar.es\/catedraweb\/wp-content\/uploads\/2025\/04\/Image-55-768x576.jpg 768w, https:\/\/catedraendesa.unizar.es\/catedraweb\/wp-content\/uploads\/2025\/04\/Image-55-1536x1152.jpg 1536w, https:\/\/catedraendesa.unizar.es\/catedraweb\/wp-content\/uploads\/2025\/04\/Image-55-2048x1536.jpg 2048w\" sizes=\"auto, (max-width: 1024px) 100vw, 1024px\" \/><button\n\t\t\tclass=\"lightbox-trigger\"\n\t\t\ttype=\"button\"\n\t\t\taria-haspopup=\"dialog\"\n\t\t\taria-label=\"Ampliar la imagen\"\n\t\t\tdata-wp-init=\"callbacks.initTriggerButton\"\n\t\t\tdata-wp-on-async--click=\"actions.showLightbox\"\n\t\t\tdata-wp-style--right=\"state.imageButtonRight\"\n\t\t\tdata-wp-style--top=\"state.imageButtonTop\"\n\t\t>\n\t\t\t<svg xmlns=\"http:\/\/www.w3.org\/2000\/svg\" width=\"12\" height=\"12\" fill=\"none\" viewBox=\"0 0 12 12\">\n\t\t\t\t<path fill=\"#fff\" d=\"M2 0a2 2 0 0 0-2 2v2h1.5V2a.5.5 0 0 1 .5-.5h2V0H2Zm2 10.5H2a.5.5 0 0 1-.5-.5V8H0v2a2 2 0 0 0 2 2h2v-1.5ZM8 12v-1.5h2a.5.5 0 0 0 .5-.5V8H12v2a2 2 0 0 1-2 2H8Zm2-12a2 2 0 0 1 2 2v2h-1.5V2a.5.5 0 0 0-.5-.5H8V0h2Z\" \/>\n\t\t\t<\/svg>\n\t\t<\/button><\/figure>\n<\/div>\n\n\n\n<p id=\"visita-profesores-brasil\"><strong>14 de Noviembre: Visita de profesores del Instituto Federal de Goi\u00e1s de Brasil<\/strong><\/p>\n\n\n<div class=\"wp-block-image\">\n<figure class=\"aligncenter size-large is-resized\"><img loading=\"lazy\" decoding=\"async\" width=\"1024\" height=\"576\" src=\"https:\/\/catedraendesa.unizar.es\/catedraweb\/wp-content\/uploads\/2024\/11\/Visita-Profesores-Brasil-2024-11-14-1024x576.jpg\" alt=\"\" class=\"wp-image-868\" style=\"width:400px;height:auto\" srcset=\"https:\/\/catedraendesa.unizar.es\/catedraweb\/wp-content\/uploads\/2024\/11\/Visita-Profesores-Brasil-2024-11-14-1024x576.jpg 1024w, https:\/\/catedraendesa.unizar.es\/catedraweb\/wp-content\/uploads\/2024\/11\/Visita-Profesores-Brasil-2024-11-14-300x169.jpg 300w, https:\/\/catedraendesa.unizar.es\/catedraweb\/wp-content\/uploads\/2024\/11\/Visita-Profesores-Brasil-2024-11-14-768x432.jpg 768w, https:\/\/catedraendesa.unizar.es\/catedraweb\/wp-content\/uploads\/2024\/11\/Visita-Profesores-Brasil-2024-11-14.jpg 1280w\" sizes=\"auto, (max-width: 1024px) 100vw, 1024px\" \/><\/figure><\/div>\n\n\n<p>El 14 de Noviembre de 2024 recibimos la visita de los profesores: Marcelo Escobar de Oliveira, Ghunter Paulo Viajante y Eric Nery Chaves, Profesores do Instituto Federal de Goi\u00e1s (IFG) y Yuri Dias Paraiba Cirino, estudiante del antedicho Instituto, acompa\u00f1ados por Matheus Monteiro estudiante brasile\u00f1o del M\u00e1ster de Energ\u00edas Renovables y Eficiencia Energ\u00e9tica de la Universidad de Zaragoza.<\/p>\n\n\n\n<p>La visita estuvo promovida por el inter\u00e9s com\u00fan en la l\u00ednea de investigaci\u00f3n de la mejora de la penetraci\u00f3n de energ\u00edas renovables en las redes el\u00e9ctricas de distribuci\u00f3n.<\/p>\n\n\n\n<p>Durante el tiempo que dur\u00f3 la misma se abordaron las posibilidades de colaboraci\u00f3n en proyectos de diverso tipo, as\u00ed como de intercambio de alumno y profesores.<\/p>\n\n\n\n<p>La visita fue muy interesante y esperamos poder encontrar la manera de colaborar en un futuro cercano.<\/p>\n\n\n\n<h3 class=\"wp-block-heading\"><strong>CURSO 2023\/2024<\/strong><\/h3>\n\n\n\n<p><strong>19 de Junio<\/strong>: <a href=\"https:\/\/catedraendesa.unizar.es\/catedraweb\/wp-content\/uploads\/2024\/06\/jornada-entrega-premios-2024-06-19.pdf\"><strong>Jornada de presentaci\u00f3n de trabajos premiados en la sede de Endesa en Arag\u00f3n<\/strong><\/a><\/p>\n\n\n\n<p><em>El 19 de junio tuvo lugar, en el Auditorio de las Oficinas de Endesa en Zaragoza, la presentaci\u00f3n del Trabajo Fin de Grado y los dos Trabajos Fin de M\u00e1ster premiados por la C\u00e1tedra De Innovaci\u00f3n Y Sostenibilidad Energ\u00e9tica Endesa Universidad De Zaragoza, correspondientes al curso 2022-2023.<\/em><\/p>\n\n\n\n<p><em>La jornada fue inaugurada por el Director general de Endesa en Arag\u00f3n D. Ignacio Montaner y por el Director del \u00c1rea Territorial de e-Distribuci\u00f3n D. Javier Meco, quienes destacaron la importancia de la colaboraci\u00f3n entre Endesa y la Universidad a trav\u00e9s de la C\u00e1tedra, recalcando el inter\u00e9s de los proyectos en las actividades de la distribuidora.<\/em><\/p>\n\n\n\n<div class=\"wp-block-columns is-layout-flex wp-container-core-columns-is-layout-1 wp-block-columns-is-layout-flex\">\n<div class=\"wp-block-column is-layout-flow wp-block-column-is-layout-flow\" style=\"flex-basis:100%\">\n<figure class=\"wp-block-table\"><table><tbody><tr><td class=\"has-text-align-center\" data-align=\"center\"><a href=\"https:\/\/catedraendesa.unizar.es\/catedraweb\/wp-content\/uploads\/2024\/06\/jornada-trabajos-premiados-2024-06-19-1.jpg\"><img decoding=\"async\" style=\"width: 180px;\" src=\"https:\/\/catedraendesa.unizar.es\/catedraweb\/wp-content\/uploads\/2024\/06\/jornada-trabajos-premiados-2024-06-19-1-1024x768.jpg\" alt=\"\"><\/a><\/td><td class=\"has-text-align-center\" data-align=\"center\"><a href=\"https:\/\/catedraendesa.unizar.es\/catedraweb\/wp-content\/uploads\/2024\/06\/jornada-trabajos-premiados-2024-06-19-2-scaled.jpg\"><img decoding=\"async\" style=\"width: 180px;\" src=\"https:\/\/catedraendesa.unizar.es\/catedraweb\/wp-content\/uploads\/2024\/06\/jornada-trabajos-premiados-2024-06-19-2-1024x768.jpg\" alt=\"\"><\/a><\/td><td class=\"has-text-align-center\" data-align=\"center\"><a href=\"https:\/\/catedraendesa.unizar.es\/catedraweb\/wp-content\/uploads\/2024\/06\/jornada-trabajos-premiados-2024-06-19-3.jpg\"><img decoding=\"async\" style=\"width: 180px;\" src=\"https:\/\/catedraendesa.unizar.es\/catedraweb\/wp-content\/uploads\/2024\/06\/jornada-trabajos-premiados-2024-06-19-3-1024x768.jpg\" alt=\"\"><\/a><\/td><td class=\"has-text-align-center\" data-align=\"center\"><a href=\"https:\/\/catedraendesa.unizar.es\/catedraweb\/wp-content\/uploads\/2024\/06\/jornada-trabajos-premiados-2024-06-19-4.jpg\"><img decoding=\"async\" style=\"width: 180px;\" src=\"https:\/\/catedraendesa.unizar.es\/catedraweb\/wp-content\/uploads\/2024\/06\/jornada-trabajos-premiados-2024-06-19-4-1024x768.jpg\" alt=\"\"><\/a><\/td><\/tr><\/tbody><\/table><\/figure>\n<\/div>\n<\/div>\n\n\n\n<p id=\"expotalent24\"><strong>17 de Abril: <\/strong><a href=\"https:\/\/catedraendesa.unizar.es\/catedraweb\/wp-content\/uploads\/2024\/04\/LD-ER-1045_Endesa_participa_en_Expotalent24.pdf\" data-type=\"attachment\" data-id=\"777\"><strong>Endesa participa en la feria de empleo expoTALENT\u201924<\/strong><\/a><\/p>\n\n\n\n<p>La Universidad de Zaragoza celebra hoy la feria de empleo Expotalent\u201924, un evento destacado en el calendario universitario que re\u00fane en busca de talento a 95 de las empresas m\u00e1s importantes de Arag\u00f3n. Endesa participa en el certamen con un enfoque centrado en la captaci\u00f3n de talento joven como muestra del compromiso de nuestra Compa\u00f1\u00eda con el desarrollo profesional de los estudiantes universitarios y reci\u00e9n graduados.<\/p>\n\n\n\n<p><strong>20 de Marzo: JORNADA:<\/strong> C\u00f3mo integra Endesa la Sostenibilidad y los Objetivos de Desarrollo Sostenible en su negocio para la descarbonizaci\u00f3n.<\/p>\n\n\n\n<p>La C\u00e1tedra de Innovaci\u00f3n y Sostenibilidad Energ\u00e9tica Endesa junto con la comisi\u00f3n Agenda 20230 de la EINA, organizan la Jornada titulada: C\u00f3mo integra Endesa la Sostenibilidad y los Objetivos de Desarrollo Sostenible en su negocio para la descarbonizaci\u00f3n. El Grupo Endesa est\u00e1 firmemente comprometido con la Sostenibilidad y contribuye a que se alcancen los Objetivos de Desarrollo Sostenible (ODS) definidos por la Organizaci\u00f3n de las Naciones Unidas. Para que una empresa el\u00e9ctrica se considere \u201csostenible\u201d no es suficiente con asegurar rentabilidad para sus accionistas e inversores. Resulta imprescindible que su actividad provoque el m\u00ednimo impacto posible sobre el medio ambiente (atm\u00f3sfera, biodiversidad, agua, etc.), que genere un v\u00ednculo estrecho con las comunidades cercanas y que permita crear valor compartido con la sociedad. En esta jornada se explicar\u00e1 c\u00f3mo se materializa la \u201cSostenibilidad\u201d en el Grupo Endesa a nivel estrat\u00e9gico. Tambi\u00e9n se compartir\u00e1n ejemplos concretos sobre c\u00f3mo Endesa materializa la Sostenibilidad en el territorio de Arag\u00f3n. La jornada finalizar\u00e1 con una mesa redonda en la que participar\u00e1n distinguidos representantes de las diferentes partes interesadas que juegan roles imprescindibles para hacer realidad la Sostenibilidad de la infraestructura y la actividad de la empresa el\u00e9ctrica.<\/p>\n\n\n\n<p><strong>M\u00e1s informaci\u00f3n:<\/strong> ver el <a href=\"https:\/\/catedraendesa.unizar.es\/catedraweb\/wp-content\/uploads\/2024\/03\/2024_03_20_Jornada-Catedra-Endesa_ODS-def2.pdf\">cartel de jornada<\/a>. <a href=\"https:\/\/youtu.be\/hVzfO12quIU\">V\u00eddeo de la jornada<\/a>.<\/p>\n\n\n\n<p>Modalidad mixta Presencial \/ Online<\/p>\n\n\n\n<p>Fecha:20 de marzo 20204<\/p>\n\n\n\n<p>Horario: de 16 a 19:30<\/p>\n\n\n\n<p>Lugar: Sala Eficiencia Energ\u00e9tica, Edificio CIRCE, EINA.<\/p>\n\n\n\n<p>Para acceder online:<\/p>\n\n\n\n<p><a href=\"https:\/\/zoom.us\/j\/93594815934\">https:\/\/zoom.us\/j\/93594815934<\/a><\/p>\n\n\n\n<p>C\u00f3digo de acceso : 555035<\/p>\n\n\n\n<p><strong>ATENCI\u00d3N:<\/strong> Si eres estudiante y participas de forma presencial en esta actividad, puedes solicitar un Diploma de asistencia y contabilizar para la obtenci\u00f3n de cr\u00e9ditos ECTS de sostenibilidad. Cualquier asistente puede solicitar el diploma participaci\u00f3n.&nbsp; Para ello reg\u00edstrate en el enlace incluido en el cartel de la conferencia. <a href=\"https:\/\/forms.gle\/NxK1HhHC6hWNSsoRA\">https:\/\/forms.gle\/NxK1HhHC6hWNSsoRA<\/a><\/p>\n\n\n\n<figure class=\"wp-block-image size-full is-resized\"><img loading=\"lazy\" decoding=\"async\" width=\"243\" height=\"250\" src=\"https:\/\/catedraendesa.unizar.es\/catedraweb\/wp-content\/uploads\/2024\/03\/enlace-registro-jornada-20-03-2024.png\" alt=\"\" class=\"wp-image-738\" style=\"width:135px;height:auto\"\/><\/figure>\n\n\n\n<h3 class=\"wp-block-heading\"><strong>CURSO 2022\/2023<\/strong><\/h3>\n\n\n\n<p><strong>Conferencia<\/strong>: The Digital Twin of the Grid: the new paradigm of SmartGrids<\/p>\n\n\n\n<ul class=\"wp-block-list\">\n<li>Asignatura: Smartgrids and Electric Mobility<\/li>\n\n\n\n<li>M\u00e1ster Universitario en Energ\u00edas Renovables y Eficiencia Energ\u00e9tica<\/li>\n\n\n\n<li>Ponente: Jacob Rodriguez Rivero; Head of Subsidized Programs eDistribuci\u00f3n<\/li>\n<\/ul>\n\n\n\n<p><strong>Conferencia:<\/strong> El Veh\u00edculo el\u00e9ctrico como herramienta de flexibilidad en la distribuci\u00f3n el\u00e9ctrica. <\/p>\n\n\n\n<ul class=\"wp-block-list\">\n<li>Asignatura: Movilidad el\u00e9ctrica<\/li>\n\n\n\n<li>Grado de Ingenier\u00eda El\u00e9ctrica y Grado de Tecnolog\u00edas Industriales<\/li>\n\n\n\n<li>Ponente: Jorge S\u00e1nchez Cifuentes; Sostenibilidad, ENEL<\/li>\n<\/ul>\n\n\n\n<p><strong>Conferencia:<\/strong> Redes el\u00e9ctricas en transici\u00f3n<\/p>\n\n\n\n<ul class=\"wp-block-list\">\n<li>Asignatura: Eficiencia energ\u00e9tica en sistemas el\u00e9ctricos<\/li>\n\n\n\n<li>M\u00e1ster Universitario en Energ\u00edas Renovables y Eficiencia Energ\u00e9tica<\/li>\n\n\n\n<li>Ponente: Miguel Pardo;  New Technologies &amp; Innovation Project Manager<\/li>\n<\/ul>\n\n\n\n<p><strong>Conferencia:<\/strong> Chemical and electrical storage: Enel&#8217;s experiences<\/p>\n\n\n\n<ul class=\"wp-block-list\">\n<li>Asignatura: Almacenamiento qu\u00edmico y el\u00e9ctrico\/Smartgrids and electric mobility<\/li>\n\n\n\n<li>M\u00e1ster Universitario en Energ\u00edas Renovables y Eficiencia Energ\u00e9tica<\/li>\n\n\n\n<li>Ponente: Javier Leiva; Sustainable Network Design &amp; Resilience Expert at Innovation Enel Grids<\/li>\n<\/ul>\n\n\n\n<p><strong>Conferencia:<\/strong> Sustainable Network Design &amp; Resilience<\/p>\n\n\n\n<ul class=\"wp-block-list\">\n<li>Asignatura: Renewable energy impact in electric power systems<\/li>\n\n\n\n<li>M\u00e1ster Universitario en Energ\u00edas Renovables y Eficiencia Energ\u00e9tica<\/li>\n\n\n\n<li>Ponente: Javier Leiva; Sustainable Network Design &amp; Resilience Expert at Innovation Enel Grids<\/li>\n<\/ul>\n\n\n\n<h3 class=\"wp-block-heading\">Curso 2021\/2022<\/h3>\n\n\n\n<p><strong>Conferencia<\/strong>: El Gemelo Digital de la Red: el nuevo paradigma de las SmartGrids<\/p>\n\n\n\n<ul class=\"wp-block-list\">\n<li>Asignatura: Generaci\u00f3n distribuida, redes inteligentes y movilidad el\u00e9ctrica<\/li>\n\n\n\n<li>M\u00e1ster Universitario en Energ\u00edas Renovables y Eficiencia Energ\u00e9tica<\/li>\n\n\n\n<li>Ponente: Jacob Rodriguez Rivero; Head of Subsidized Programs eDistribuci\u00f3n<br><\/li>\n<\/ul>\n\n\n\n<p><strong>Conferencia:<\/strong> Impacto en red del veh\u00edculo el\u00e9ctrico<\/p>\n\n\n\n<ul class=\"wp-block-list\">\n<li>Asignatura: Movilidad el\u00e9ctrica<\/li>\n\n\n\n<li>Grado de Ingenier\u00eda El\u00e9ctrica y Grado de Tecnolog\u00edas Industriales<\/li>\n\n\n\n<li>Ponente: Jorge S\u00e1nchez Cifuentes; Sostenibilidad, ENEL<\/li>\n<\/ul>\n\n\n\n<p><strong>Semana de la Ingenier\u00eda y Arquitectura en el curso&nbsp;2021\/2022:<\/strong> visita al parque e\u00f3lico Loma Gorda en Fuendetodos<\/p>\n\n\n\n<p>El viernes 8 de abril, la C\u00e1tedra de Innovaci\u00f3n Energ\u00e9tica ENDESA RED de la Universidad de Zaragoza, en el marco de las Jornadas de la XIII edici\u00f3n de la Semana de la Ingenier\u00eda y la Arquitectura organizada por la EINA, organiz\u00f3 un viaje al Parque E\u00f3lico Loma Gorda de ENEL Green Power en Fuendetodos.<\/p>\n\n\n\n<p>El parque est\u00e1 formado por siete aerogeneradores Gamesa SG-132, de 3,46 MW de potencia, que generan setenta gigavatios hora cada a\u00f1o (70 GWh\/a\u00f1o), suficiente como para abastecer 17.800 familias, evitando la emisi\u00f3n de, aproximadamente, unas 46.000 toneladas anuales de CO2 a la atm\u00f3sfera.<\/p>\n\n\n\n<p>A la visita asistieron tanto alumnos de Formaci\u00f3n Profesional de Salesianos, como del Grado de Ingenier\u00eda El\u00e9ctrica y del Master de Energ\u00edas Renovables y Eficiencia Energ\u00e9tica de la UZ.<\/p>\n\n\n\n<p class=\"has-text-align-center\"><a href=\"http:\/\/www.unizar.es\/actualidad\/vernoticia_ng.php?id=65761\" target=\"_blank\" aria-label=\"http:\/\/www.unizar.es\/actualidad\/vernoticia_ng.php?id=65761 (opens in a new tab)\" rel=\"noreferrer noopener\" class=\"ek-link\">http:\/\/www.unizar.es\/actualidad\/vernoticia_ng.php?id=65761<\/a><\/p>\n\n\n\n<figure class=\"wp-block-table img-table\"><table><tbody><tr><td><a href=\"https:\/\/catedraendesa.unizar.es\/catedraweb\/wp-content\/uploads\/2022\/09\/visita-parque-loma-gorda-1.jpg\" target=\"_blank\" aria-label=\" (opens in a new tab)\" rel=\"noreferrer noopener\" class=\"ek-link\"><img loading=\"lazy\" decoding=\"async\" width=\"300\" height=\"173\" class=\"wp-image-495\" style=\"width: 300px;\" src=\"https:\/\/catedraendesa.unizar.es\/catedraweb\/wp-content\/uploads\/2022\/09\/visita-parque-loma-gorda-1.jpg\" alt=\"\" srcset=\"https:\/\/catedraendesa.unizar.es\/catedraweb\/wp-content\/uploads\/2022\/09\/visita-parque-loma-gorda-1.jpg 451w, https:\/\/catedraendesa.unizar.es\/catedraweb\/wp-content\/uploads\/2022\/09\/visita-parque-loma-gorda-1-300x173.jpg 300w\" sizes=\"auto, (max-width: 300px) 100vw, 300px\" \/><\/a><\/td><td><a href=\"https:\/\/catedraendesa.unizar.es\/catedraweb\/wp-content\/uploads\/2022\/09\/visita-parque-loma-gorda-2.jpg\" target=\"_blank\" aria-label=\" (opens in a new tab)\" rel=\"noreferrer noopener\" class=\"ek-link\"><img loading=\"lazy\" decoding=\"async\" width=\"200\" height=\"150\" class=\"wp-image-493\" style=\"width: 200px;\" src=\"https:\/\/catedraendesa.unizar.es\/catedraweb\/wp-content\/uploads\/2022\/09\/visita-parque-loma-gorda-2.jpg\" alt=\"\" srcset=\"https:\/\/catedraendesa.unizar.es\/catedraweb\/wp-content\/uploads\/2022\/09\/visita-parque-loma-gorda-2.jpg 622w, https:\/\/catedraendesa.unizar.es\/catedraweb\/wp-content\/uploads\/2022\/09\/visita-parque-loma-gorda-2-300x225.jpg 300w\" sizes=\"auto, (max-width: 200px) 100vw, 200px\" \/><\/a><\/td><td><a href=\"https:\/\/catedraendesa.unizar.es\/catedraweb\/wp-content\/uploads\/2022\/09\/visita-parque-loma-gorda-3.jpg\" class=\"ek-link\"><img loading=\"lazy\" decoding=\"async\" width=\"150\" height=\"200\" class=\"wp-image-494\" style=\"width: 150px;\" src=\"https:\/\/catedraendesa.unizar.es\/catedraweb\/wp-content\/uploads\/2022\/09\/visita-parque-loma-gorda-3.jpg\" alt=\"\" srcset=\"https:\/\/catedraendesa.unizar.es\/catedraweb\/wp-content\/uploads\/2022\/09\/visita-parque-loma-gorda-3.jpg 642w, https:\/\/catedraendesa.unizar.es\/catedraweb\/wp-content\/uploads\/2022\/09\/visita-parque-loma-gorda-3-225x300.jpg 225w\" sizes=\"auto, (max-width: 150px) 100vw, 150px\" \/><\/a><\/td><\/tr><\/tbody><\/table><\/figure>\n\n\n\n<h2 class=\"wp-block-heading\"><strong>JORNADA C\u00c1TEDRA ENDESA<\/strong><\/h2>\n\n\n\n<p><strong>Transici\u00f3n energ\u00e9tica, adaptaci\u00f3n de Endesa al nuevo modelo de distribuci\u00f3n el\u00e9ctrica para la descarbonizaci\u00f3n.<\/strong><\/p>\n\n\n\n<p>Los objetivos del Plan Nacional Integrado de Energ\u00eda y CLIMA (PNIEC) para el a\u00f1o 2030 proponen, entre otros, un elevado despliegue de energ\u00edas renovables.<\/p>\n\n\n\n<p>Esto implica la necesidad de una importante adaptaci\u00f3n y transformaci\u00f3n de las redes el\u00e9ctricas de distribuci\u00f3n hacia una red el\u00e9ctrica inteligente, necesitada de nuevos sistemas, protecciones y servicios. Estos servicios, denominados Servicios de Flexibilidad pueden y deben ser aportados tanto por los generadores como por los consumidores, abri\u00e9ndose un nuevo campo de interacci\u00f3n con la red para ambos, con nuevos roles y nuevos retos.<\/p>\n\n\n\n<p>En la Jornada, destacados miembros de ENDESA-ENEL expusieron los proyectos e innovaciones en las que est\u00e1n trabajando para adaptarse a estas nuevas necesidades.<\/p>\n\n\n\n<p>La jornada finaliz\u00f3 con una mesa redonda en la que los generadores de energ\u00edas renovables, representados por el Presidente del Cl\u00faster de la Energ\u00eda de Arag\u00f3n, las empresas consumidoras, representadas por el Director General de Industria y Pymes, debatieron con el gestor de la red de distribuci\u00f3n, representado por el Director de Endesa en Arag\u00f3n, sobre los&nbsp; nuevos retos y oportunidades que los Servicios de Flexibilidad aportan a todos ellos, &nbsp;por otra parte, el Director General de la Fundaci\u00f3n CIRCE, aport\u00f3 el punto de vista de la innovaci\u00f3n e investigaci\u00f3n que supone el desarrollo de estos servicios.<\/p>\n\n\n\n<p>La Jornada tuvo modalidad mixta presencial online y cont\u00f3 con m\u00e1s de 60 asistentes. La retransmisi\u00f3n online corri\u00f3 a cargo de los Becarios de la C\u00e1tedra que realizaron una labor excelente.<\/p>\n\n\n\n<p>El enlace a la Jornada es el siguiente: <a href=\"https:\/\/youtu.be\/sOGndGniQ-o\">https:\/\/youtu.be\/sOGndGniQ-o<\/a><\/p>\n\n\n\n<p>Enlace al programa<\/p>\n\n\n\n<figure class=\"wp-block-image size-full\"><a href=\"https:\/\/catedraendesa.unizar.es\/catedraweb\/wp-content\/uploads\/2022\/10\/jornada-transicion-energetica-2022-11-05-1-scaled.jpg\"><img loading=\"lazy\" decoding=\"async\" width=\"200\" height=\"280\" src=\"https:\/\/catedraendesa.unizar.es\/catedraweb\/wp-content\/uploads\/2022\/10\/jornada-transicion-energetica-2022-11-05-1-small.jpg\" alt=\"\" class=\"wp-image-567\"\/><\/a><\/figure>\n\n\n\n<p>Im\u00e1genes<\/p>\n\n\n\n<figure class=\"wp-block-table\"><table><tbody><tr><td><a href=\"https:\/\/catedraendesa.unizar.es\/catedraweb\/wp-content\/uploads\/2022\/10\/jornada-transicion-energetica-2022-11-05-2.jpg\" target=\"_blank\" aria-label=\" (opens in a new tab)\" rel=\"noreferrer noopener\" class=\"ek-link\"><img loading=\"lazy\" decoding=\"async\" width=\"200\" height=\"108\" class=\"wp-image-576\" style=\"width: 200px;\" src=\"https:\/\/catedraendesa.unizar.es\/catedraweb\/wp-content\/uploads\/2022\/10\/jornada-transicion-energetica-2022-11-05-2-small.jpg\" alt=\"\"><\/a><\/td><td><a href=\"https:\/\/catedraendesa.unizar.es\/catedraweb\/wp-content\/uploads\/2022\/10\/jornada-transicion-energetica-2022-11-05-3.jpg\" target=\"_blank\" aria-label=\" (opens in a new tab)\" rel=\"noreferrer noopener\" class=\"ek-link\"><img loading=\"lazy\" decoding=\"async\" width=\"200\" height=\"108\" class=\"wp-image-578\" style=\"width: 200px;\" src=\"https:\/\/catedraendesa.unizar.es\/catedraweb\/wp-content\/uploads\/2022\/10\/jornada-transicion-energetica-2022-11-05-3-small.jpg\" alt=\"\"><\/a><\/td><td><a href=\"https:\/\/catedraendesa.unizar.es\/catedraweb\/wp-content\/uploads\/2022\/10\/jornada-transicion-energetica-2022-11-05-4.jpg\" target=\"_blank\" aria-label=\" (opens in a new tab)\" rel=\"noreferrer noopener\" class=\"ek-link\"><img loading=\"lazy\" decoding=\"async\" width=\"200\" height=\"105\" class=\"wp-image-580\" style=\"width: 200px;\" src=\"https:\/\/catedraendesa.unizar.es\/catedraweb\/wp-content\/uploads\/2022\/10\/jornada-transicion-energetica-2022-11-05-4-small.jpg\" alt=\"\"><\/a><\/td><td><a href=\"https:\/\/catedraendesa.unizar.es\/catedraweb\/wp-content\/uploads\/2022\/10\/jornada-transicion-energetica-2022-11-05-5.jpg\" target=\"_blank\" aria-label=\" (opens in a new tab)\" rel=\"noreferrer noopener\" class=\"ek-link\"><img loading=\"lazy\" decoding=\"async\" width=\"200\" height=\"111\" class=\"wp-image-582\" style=\"width: 200px;\" src=\"https:\/\/catedraendesa.unizar.es\/catedraweb\/wp-content\/uploads\/2022\/10\/jornada-transicion-energetica-2022-11-05-5-small.jpg\" alt=\"\"><\/a><\/td><\/tr><tr><td><a href=\"https:\/\/catedraendesa.unizar.es\/catedraweb\/wp-content\/uploads\/2022\/10\/jornada-transicion-energetica-2022-11-05-6.jpg\" target=\"_blank\" aria-label=\" (opens in a new tab)\" rel=\"noreferrer noopener\" class=\"ek-link\"><img loading=\"lazy\" decoding=\"async\" width=\"200\" height=\"110\" class=\"wp-image-584\" style=\"width: 200px;\" src=\"https:\/\/catedraendesa.unizar.es\/catedraweb\/wp-content\/uploads\/2022\/10\/jornada-transicion-energetica-2022-11-05-6-small.jpg\" alt=\"\"><\/a><\/td><td><a href=\"https:\/\/catedraendesa.unizar.es\/catedraweb\/wp-content\/uploads\/2022\/10\/jornada-transicion-energetica-2022-11-05-7.jpg\" target=\"_blank\" aria-label=\" (opens in a new tab)\" rel=\"noreferrer noopener\" class=\"ek-link\"><img loading=\"lazy\" decoding=\"async\" width=\"200\" height=\"106\" class=\"wp-image-574\" style=\"width: 200px;\" src=\"https:\/\/catedraendesa.unizar.es\/catedraweb\/wp-content\/uploads\/2022\/10\/jornada-transicion-energetica-2022-11-05-7-small.jpg\" alt=\"\"><\/a><\/td><td><\/td><td><\/td><\/tr><\/tbody><\/table><\/figure>\n\n\n\n<p><strong>Jornada de presentaci\u00f3n de trabajos premiados<\/strong><\/p>\n\n\n\n<p>El 25 de junio tuvo lugar la presentaci\u00f3n del TFG y del TFM del curso 2020-2021, premiados por la C\u00e1tedra Endesa Red, en el Auditorio de las Oficinas de Endesa en Zaragoza.<\/p>\n\n\n\n<p>La jornada fue inaugurada por la Vicerrectora de Transferencia e Innovaci\u00f3n Tecnol\u00f3gica de la Universidad de Zaragoza, Gloria Cuenca, quien destac\u00f3 la importancia de una efectiva conexi\u00f3n entre el mundo acad\u00e9mico y el mundo profesional. A continuaci\u00f3n, dieron la bienvenida a los asistentes la Responsable de las C\u00e1tedras de Endesa Red en Espa\u00f1a, Alicia S\u00e1nchez y el Director de la C\u00e1tedra Jos\u00e9 Fco Sanz.<\/p>\n\n\n\n<p>El premio al mejor TFG: \u201cPotenciaci\u00f3n de una l\u00ednea el\u00e9ctrica a\u00e9rea de alta tensi\u00f3n de 132 kV mediante nuevos conductores HTLS\u201d, fue presentado por su autor Arce Manuel Argudo y su Director Antonio Us\u00f3n, Profesor del Departamento de Ingenier\u00eda El\u00e9ctrica.<\/p>\n\n\n\n<p>El premio al mejor TFM: \u201cAn\u00e1lisis de la integraci\u00f3n de recursos energ\u00e9ticos distribuidos en redes rurales mediante simulaci\u00f3n en PowerFactory\u201d, fue presentado por la autora Elena Arrazola y su Directora Mar\u00eda Paz Comech, Profesora del Departamento de Ingenier\u00eda El\u00e9ctrica.<\/p>\n\n\n\n<p>Ambos trabajos despertaron gran inter\u00e9s entre los asistentes a la jornada, quienes realizaron varias preguntas al respecto en relaci\u00f3n con las hip\u00f3tesis asumidas, las fuentes de informaci\u00f3n utilizadas y la posible aplicaci\u00f3n pr\u00e1ctica de las tem\u00e1ticas de los trabajos.<\/p>\n\n\n\n<p>As\u00ed mismo, la jornada fue de gran provecho para los alumnos, ya que tuvieron la oportunidad de conocer personalmente e interactuar con los principales responsables de e-Distribuci\u00f3n en Arag\u00f3n, acerc\u00e1ndose as\u00ed a la realidad de la compa\u00f1\u00eda desde el \u00e1mbito profesional y a las actividades de planificaci\u00f3n, operaci\u00f3n y mantenimiento de la red (tanto desde el punto de vista t\u00e9cnico como econ\u00f3mico).<\/p>\n\n\n\n<p>El acto concluy\u00f3 con unas palabras del Director General de Endesa en Arag\u00f3n, D. Ignacio Montaner. <\/p>\n\n\n\n<p><a class=\"ek-link\" href=\"https:\/\/www.unizar.es\/actualidad\/vernoticia_ng.php?id=66575\">https:\/\/www.unizar.es\/actualidad\/vernoticia_ng.php?id=66575<\/a><\/p>\n\n\n\n<h3 class=\"wp-block-heading\">Curso  2019\/2020<\/h3>\n\n\n\n<p><strong>Conferencia<\/strong>: El Gemelo Digital de la Red: el nuevo paradigma de las SmartGrids<\/p>\n\n\n\n<ul class=\"wp-block-list\">\n<li>Asignatura: Generaci\u00f3n distribuida, redes inteligentes y movilidad el\u00e9ctrica<\/li>\n\n\n\n<li>M\u00e1ster Universitario en Energ\u00edas Renovables y Eficiencia Energ\u00e9tica<\/li>\n\n\n\n<li>Ponente: Jacob Rodriguez Rivero; Head of Subsidized Programs e-Distribuci\u00f3n<\/li>\n<\/ul>\n\n\n\n<p><strong>Conferencia<\/strong>: Impacto en red del veh\u00edculo el\u00e9ctrico<\/p>\n\n\n\n<ul class=\"wp-block-list\">\n<li>Asignatura: Movilidad el\u00e9ctrica<\/li>\n\n\n\n<li>Grado de Ingenier\u00eda El\u00e9ctrica y Grado de Tecnolog\u00edas Industriales<\/li>\n\n\n\n<li>Ponente: Jorge S\u00e1nchez Cifuentes; Sostenibilidad, ENEL<\/li>\n<\/ul>\n","protected":false},"excerpt":{"rendered":"<p>Endesa participa activamente en las actividades docentes de la Universidad, mediante la impartici\u00f3n de seminarios y jornadas. CURSO 2024\/2025 3 de Abril: Endesa participa en la feria de empleo Expotalent\u00b425 (Nota de prensa) Endesa ha participado un a\u00f1o m\u00e1s en la Feria de Orientaci\u00f3n y Empleo de la Universidad de Zaragoza, ExpoTalent 2025, reafirmando as\u00ed [&hellip;]<\/p>\n","protected":false},"author":1,"featured_media":0,"parent":0,"menu_order":0,"comment_status":"closed","ping_status":"closed","template":"","meta":{"footnotes":""},"class_list":["post-487","page","type-page","status-publish","hentry","post"],"_links":{"self":[{"href":"https:\/\/catedraendesa.unizar.es\/catedraweb\/wp-json\/wp\/v2\/pages\/487","targetHints":{"allow":["GET"]}}],"collection":[{"href":"https:\/\/catedraendesa.unizar.es\/catedraweb\/wp-json\/wp\/v2\/pages"}],"about":[{"href":"https:\/\/catedraendesa.unizar.es\/catedraweb\/wp-json\/wp\/v2\/types\/page"}],"author":[{"embeddable":true,"href":"https:\/\/catedraendesa.unizar.es\/catedraweb\/wp-json\/wp\/v2\/users\/1"}],"replies":[{"embeddable":true,"href":"https:\/\/catedraendesa.unizar.es\/catedraweb\/wp-json\/wp\/v2\/comments?post=487"}],"version-history":[{"count":71,"href":"https:\/\/catedraendesa.unizar.es\/catedraweb\/wp-json\/wp\/v2\/pages\/487\/revisions"}],"predecessor-version":[{"id":965,"href":"https:\/\/catedraendesa.unizar.es\/catedraweb\/wp-json\/wp\/v2\/pages\/487\/revisions\/965"}],"wp:attachment":[{"href":"https:\/\/catedraendesa.unizar.es\/catedraweb\/wp-json\/wp\/v2\/media?parent=487"}],"curies":[{"name":"wp","href":"https:\/\/api.w.org\/{rel}","templated":true}]}}